{"id":1237,"date":"2017-05-31T16:17:34","date_gmt":"2017-05-31T14:17:34","guid":{"rendered":"http:\/\/neu.prenner-alm.at\/bilder\/"},"modified":"2022-12-13T15:46:28","modified_gmt":"2022-12-13T14:46:28","slug":"images","status":"publish","type":"page","link":"https:\/\/www.prenner-alm.at\/en\/images\/","title":{"rendered":"Images"},"content":{"rendered":"<div class=\"wpb-content-wrapper\"><p>[vc_row][vc_column][vc_column_text]<\/p>\n<h1 style=\"text-align: center;\">Images &amp; impressions<\/h1>\n<p>[\/vc_column_text][\/vc_column][\/vc_row][vc_row][vc_column width=&#8221;1\/3&#8243;][vc_column_text]<span class=\"button-block\"><a href=\"#sommer\">Summer<\/a><\/span>[\/vc_column_text][\/vc_column][vc_column width=&#8221;1\/3&#8243;][vc_column_text]<span class=\"button-block\"><a href=\"#winter\">Winter<\/a><\/span>[\/vc_column_text][\/vc_column][vc_column width=&#8221;1\/3&#8243;][vc_column_text]<span class=\"button-block\"><a href=\"#innenaufnahmen\">Insights<\/a><\/span>[\/vc_column_text][\/vc_column][\/vc_row][vc_row el_class=&#8221;ganze-breite&#8221; el_id=&#8221;sommer&#8221;][vc_column][vc_column_text]<\/p>\n<h5>Summer at the Prenner Alm<\/h5>\n<p>[\/vc_column_text][vc_column_text]<\/p>\n<div id=\"jig1\" class=\"justified-image-grid jig-6171357e98c1b6ddc3f636e04e41e1d4 jig-preset-global jig-source-wp-gallery\"><div class=\"jig-clearfix\"><\/div><noscript id=\"jig1-html\" class=\"justified-image-grid-html\" data-lazy-src=\"skiplazyload\" data-src=\"skipunveillazyload\"><ul><li><a href=\"https:\/\/www.prenner-alm.at\/wp-content\/uploads\/IMG_9415-1-680x1024.jpg\"><img decoding=\"async\" src=\"https:\/\/www.prenner-alm.at\/wp-content\/plugins\/justified-image-grid\/timthumb.php?src=https%3A%2F%2Fwww.prenner-alm.at%2Fwp-content%2Fuploads%2FIMG_9415-1-680x1024.jpg&amp;h=390&amp;q=90&amp;f=.jpg\" alt=\"Impressionen Prenner Alm Sommer Aussicht\" width=\"258\" height=\"390\" \/><\/a><p class=\"jig-HTMLdescription\">Impressionen Prenner Alm Sommer Aussicht<\/p><\/li><li><a href=\"https:\/\/www.prenner-alm.at\/wp-content\/uploads\/DSC_8653-1024x683.jpg\"><img decoding=\"async\" src=\"https:\/\/www.prenner-alm.at\/wp-content\/plugins\/justified-image-grid\/timthumb.php?src=https%3A%2F%2Fwww.prenner-alm.at%2Fwp-content%2Fuploads%2FDSC_8653-1024x683.jpg&amp;h=390&amp;q=90&amp;f=.jpg\" alt=\"Prenner Alm, Almh\u00fctten am Hauser Kaibling\" width=\"584\" height=\"390\" \/><\/a><p class=\"jig-HTMLdescription\">Prenner Alm, Almh\u00fctten am Hauser Kaibling<\/p><\/li><li><a href=\"https:\/\/www.prenner-alm.at\/wp-content\/uploads\/almhuette-stoamandl-prenner-alm-hauser-kaibling-768x1024.jpeg\"><img decoding=\"async\" src=\"https:\/\/www.prenner-alm.at\/wp-content\/plugins\/justified-image-grid\/timthumb.php?src=https%3A%2F%2Fwww.prenner-alm.at%2Fwp-content%2Fuploads%2Falmhuette-stoamandl-prenner-alm-hauser-kaibling-768x1024.jpeg&amp;h=390&amp;q=90&amp;f=.jpeg\" alt=\"almhuette-stoamandl-prenner-alm-hauser-kaibling\" width=\"292\" height=\"390\" \/><\/a><p class=\"jig-HTMLdescription\">almhuette-stoamandl-prenner-alm-hauser-kaibling<\/p><\/li><li><a href=\"https:\/\/www.prenner-alm.at\/wp-content\/uploads\/DSC_8655-1-1024x683.jpg\"><img decoding=\"async\" src=\"https:\/\/www.prenner-alm.at\/wp-content\/plugins\/justified-image-grid\/timthumb.php?src=https%3A%2F%2Fwww.prenner-alm.at%2Fwp-content%2Fuploads%2FDSC_8655-1-1024x683.jpg&amp;h=390&amp;q=90&amp;f=.jpg\" alt=\"Prenner Alm, Almh\u00fctten am Hauser Kaibling\" width=\"584\" height=\"390\" \/><\/a><p class=\"jig-HTMLdescription\">Prenner Alm, Almh\u00fctten am Hauser Kaibling<\/p><\/li><li><a href=\"https:\/\/www.prenner-alm.at\/wp-content\/uploads\/Prenner-Alm-Almh\u00fctten-am-Hauser-Kaibling_1-1024x680.jpg\"><img decoding=\"async\" src=\"https:\/\/www.prenner-alm.at\/wp-content\/plugins\/justified-image-grid\/timthumb.php?src=https%3A%2F%2Fwww.prenner-alm.at%2Fwp-content%2Fuploads%2FPrenner-Alm-Almh%C3%BCtten-am-Hauser-Kaibling_1-1024x680.jpg&amp;h=390&amp;q=90&amp;f=.jpg\" alt=\"Prenner Alm, Almh\u00fctten am Hauser Kaibling\" width=\"587\" height=\"390\" \/><\/a><p class=\"jig-HTMLdescription\">Prenner Alm, Almh\u00fctten am Hauser Kaibling<\/p><\/li><li><a href=\"https:\/\/www.prenner-alm.at\/wp-content\/uploads\/IMG_9527-1-1024x768.jpg\"><img decoding=\"async\" src=\"https:\/\/www.prenner-alm.at\/wp-content\/plugins\/justified-image-grid\/timthumb.php?src=https%3A%2F%2Fwww.prenner-alm.at%2Fwp-content%2Fuploads%2FIMG_9527-1-1024x768.jpg&amp;h=390&amp;q=90&amp;f=.jpg\" alt=\"Impressionen Prenner Alm Sommer\" width=\"520\" height=\"390\" \/><\/a><p class=\"jig-HTMLdescription\">Impressionen Prenner Alm Sommer<\/p><\/li><li><a href=\"https:\/\/www.prenner-alm.at\/wp-content\/uploads\/prenner-alm-almhuette-steiermark-hauser-kaibling-region-25-1024x683.jpg\"><img decoding=\"async\" src=\"https:\/\/www.prenner-alm.at\/wp-content\/plugins\/justified-image-grid\/timthumb.php?src=https%3A%2F%2Fwww.prenner-alm.at%2Fwp-content%2Fuploads%2Fprenner-alm-almhuette-steiermark-hauser-kaibling-region-25-1024x683.jpg&amp;h=390&amp;q=90&amp;f=.jpg\" alt=\"Prenner Alm, Almh\u00fctten am Hauser Kaibling\" width=\"584\" height=\"390\" \/><\/a><p class=\"jig-HTMLdescription\">Prenner Alm, Almh\u00fctten am Hauser Kaibling<\/p><\/li><li><a href=\"https:\/\/www.prenner-alm.at\/wp-content\/uploads\/DSC5651-1024x681.jpg\"><img decoding=\"async\" src=\"https:\/\/www.prenner-alm.at\/wp-content\/plugins\/justified-image-grid\/timthumb.php?src=https%3A%2F%2Fwww.prenner-alm.at%2Fwp-content%2Fuploads%2FDSC5651-1024x681.jpg&amp;h=390&amp;q=90&amp;f=.jpg\" alt=\"Prenner Alm - Almh\u00fctte am Hauser Kaibling\" width=\"586\" height=\"390\" \/><\/a><p class=\"jig-HTMLdescription\">Prenner Alm - Almh\u00fctte am Hauser Kaibling<\/p><\/li><li><a href=\"https:\/\/www.prenner-alm.at\/wp-content\/uploads\/Aussicht-Prenner-Alm-Hauser-Kaibling-Brunntrog-576x1024.jpeg\"><img decoding=\"async\" src=\"https:\/\/www.prenner-alm.at\/wp-content\/plugins\/justified-image-grid\/timthumb.php?src=https%3A%2F%2Fwww.prenner-alm.at%2Fwp-content%2Fuploads%2FAussicht-Prenner-Alm-Hauser-Kaibling-Brunntrog-576x1024.jpeg&amp;h=390&amp;q=90&amp;f=.jpeg\" alt=\"Aussicht-Prenner Alm-Hauser-Kaibling-Brunntrog\" width=\"219\" height=\"390\" \/><\/a><p class=\"jig-HTMLdescription\">Aussicht-Prenner Alm-Hauser-Kaibling-Brunntrog<\/p><\/li><li><a href=\"https:\/\/www.prenner-alm.at\/wp-content\/uploads\/Prenner-Alm-Almh\u00fctten-am-Hauser-Kaibling-Almjausenkorb_1920x1280-1024x684.jpg\"><img decoding=\"async\" src=\"https:\/\/www.prenner-alm.at\/wp-content\/plugins\/justified-image-grid\/timthumb.php?src=https%3A%2F%2Fwww.prenner-alm.at%2Fwp-content%2Fuploads%2FPrenner-Alm-Almh%C3%BCtten-am-Hauser-Kaibling-Almjausenkorb_1920x1280-1024x684.jpg&amp;h=390&amp;q=90&amp;f=.jpg\" alt=\"Prenner Alm, Almh\u00fctten am Hauser Kaibling, Almjausenkorb_1920x1280\" width=\"583\" height=\"390\" \/><\/a><p class=\"jig-HTMLdescription\">Prenner Alm, Almh\u00fctten am Hauser Kaibling, Almjausenkorb_1920x1280<\/p><\/li><li><a href=\"https:\/\/www.prenner-alm.at\/wp-content\/uploads\/Aussicht-Prenner-Alm-Hauser-Kaibling-K\u00fche-576x1024.jpeg\"><img decoding=\"async\" src=\"https:\/\/www.prenner-alm.at\/wp-content\/plugins\/justified-image-grid\/timthumb.php?src=https%3A%2F%2Fwww.prenner-alm.at%2Fwp-content%2Fuploads%2FAussicht-Prenner-Alm-Hauser-Kaibling-K%C3%BChe-576x1024.jpeg&amp;h=390&amp;q=90&amp;f=.jpeg\" alt=\"Aussicht-Prenner Alm-Hauser-Kaibling-K\u00fche\" width=\"219\" height=\"390\" \/><\/a><p class=\"jig-HTMLdescription\">Aussicht-Prenner Alm-Hauser-Kaibling-K\u00fche<\/p><\/li><li><a href=\"https:\/\/www.prenner-alm.at\/wp-content\/uploads\/Prenner-Alm-Almh\u00fctten-am-Hauser-Kaibling-Detail1_1920x1280-1024x684.jpg\"><img decoding=\"async\" src=\"https:\/\/www.prenner-alm.at\/wp-content\/plugins\/justified-image-grid\/timthumb.php?src=https%3A%2F%2Fwww.prenner-alm.at%2Fwp-content%2Fuploads%2FPrenner-Alm-Almh%C3%BCtten-am-Hauser-Kaibling-Detail1_1920x1280-1024x684.jpg&amp;h=390&amp;q=90&amp;f=.jpg\" alt=\"Prenner Alm, Almh\u00fctten\/Chalets am Hauser Kaibling, Detail1_1920x1280\" width=\"583\" height=\"390\" \/><\/a><p class=\"jig-HTMLdescription\">Prenner Alm, Almh\u00fctten\/Chalets am Hauser Kaibling, Detail1_1920x1280<\/p><\/li><li><a href=\"https:\/\/www.prenner-alm.at\/wp-content\/uploads\/DSC07038-1024x680.jpg\"><img decoding=\"async\" src=\"https:\/\/www.prenner-alm.at\/wp-content\/plugins\/justified-image-grid\/timthumb.php?src=https%3A%2F%2Fwww.prenner-alm.at%2Fwp-content%2Fuploads%2FDSC07038-1024x680.jpg&amp;h=390&amp;q=90&amp;f=.jpg\" alt=\"Prenner Alm, Almh\u00fctten am Hauser Kaibling\" width=\"587\" height=\"390\" \/><\/a><p class=\"jig-HTMLdescription\">Prenner Alm, Almh\u00fctten am Hauser Kaibling<\/p><\/li><li><a href=\"https:\/\/www.prenner-alm.at\/wp-content\/uploads\/IMG_E6720-1024x768.jpg\"><img decoding=\"async\" src=\"https:\/\/www.prenner-alm.at\/wp-content\/plugins\/justified-image-grid\/timthumb.php?src=https%3A%2F%2Fwww.prenner-alm.at%2Fwp-content%2Fuploads%2FIMG_E6720-1024x768.jpg&amp;h=390&amp;q=90&amp;f=.jpg\" alt=\"Prenner Alm-Natur\" width=\"520\" height=\"390\" \/><\/a><p class=\"jig-HTMLdescription\">Prenner Alm-Natur<\/p><\/li><li><a href=\"https:\/\/www.prenner-alm.at\/wp-content\/uploads\/Aussicht-Prenner-Alm-Hauser-Kaibling-Fr\u00fchlingswewachen-768x1024.jpeg\"><img decoding=\"async\" src=\"https:\/\/www.prenner-alm.at\/wp-content\/plugins\/justified-image-grid\/timthumb.php?src=https%3A%2F%2Fwww.prenner-alm.at%2Fwp-content%2Fuploads%2FAussicht-Prenner-Alm-Hauser-Kaibling-Fr%C3%BChlingswewachen-768x1024.jpeg&amp;h=390&amp;q=90&amp;f=.jpeg\" alt=\"Aussicht-Prenner Alm-Hauser-Kaibling-Fr\u00fchlingswewachen\" width=\"292\" height=\"390\" \/><\/a><p class=\"jig-HTMLdescription\">Aussicht-Prenner Alm-Hauser-Kaibling-Fr\u00fchlingswewachen<\/p><\/li><li><a href=\"https:\/\/www.prenner-alm.at\/wp-content\/uploads\/impressionen-prenner-alm-sommer-1024x768.jpg\"><img decoding=\"async\" src=\"https:\/\/www.prenner-alm.at\/wp-content\/plugins\/justified-image-grid\/timthumb.php?src=https%3A%2F%2Fwww.prenner-alm.at%2Fwp-content%2Fuploads%2Fimpressionen-prenner-alm-sommer-1024x768.jpg&amp;h=390&amp;q=90&amp;f=.jpg\" alt=\"Impressionen Prenner Alm - Sommer\" width=\"520\" height=\"390\" \/><\/a><p class=\"jig-HTMLdescription\">Impressionen Prenner Alm - Sommer<\/p><\/li><li><a href=\"https:\/\/www.prenner-alm.at\/wp-content\/uploads\/Aussicht-Prenner-Alm-Hauser-Kaibling-Freiheit-ohne-Grenzen-sp\u00fcren-768x1024.jpeg\"><img decoding=\"async\" src=\"https:\/\/www.prenner-alm.at\/wp-content\/plugins\/justified-image-grid\/timthumb.php?src=https%3A%2F%2Fwww.prenner-alm.at%2Fwp-content%2Fuploads%2FAussicht-Prenner-Alm-Hauser-Kaibling-Freiheit-ohne-Grenzen-sp%C3%BCren-768x1024.jpeg&amp;h=390&amp;q=90&amp;f=.jpeg\" alt=\"Aussicht-Prenner Alm-Hauser-Kaibling-Freiheit-ohne-Grenzen-sp\u00fcren\" width=\"292\" height=\"390\" \/><\/a><p class=\"jig-HTMLdescription\">Aussicht-Prenner Alm-Hauser-Kaibling-Freiheit-ohne-Grenzen-sp\u00fcren<\/p><\/li><li><a href=\"https:\/\/www.prenner-alm.at\/wp-content\/uploads\/Prenner-Alm-Almh\u00fctten-am-Hauser-Kaibling_Aussicht_767x512-1.jpg\"><img decoding=\"async\" src=\"https:\/\/www.prenner-alm.at\/wp-content\/plugins\/justified-image-grid\/timthumb.php?src=https%3A%2F%2Fwww.prenner-alm.at%2Fwp-content%2Fuploads%2FPrenner-Alm-Almh%C3%BCtten-am-Hauser-Kaibling_Aussicht_767x512-1.jpg&amp;h=390&amp;q=90&amp;f=.jpg\" alt=\"Prenner Alm, Almh\u00fctten am Hauser Kaibling_Aussicht_767x512\" width=\"584\" height=\"390\" \/><\/a><p class=\"jig-HTMLdescription\">Prenner Alm, Almh\u00fctten am Hauser Kaibling_Aussicht_767x512<\/p><\/li><li><a href=\"https:\/\/www.prenner-alm.at\/wp-content\/uploads\/Prenner-Alm-Almh\u00fctten-am-Hauser-Kaibling_1920x1280-1024x684.jpg\"><img decoding=\"async\" src=\"https:\/\/www.prenner-alm.at\/wp-content\/plugins\/justified-image-grid\/timthumb.php?src=https%3A%2F%2Fwww.prenner-alm.at%2Fwp-content%2Fuploads%2FPrenner-Alm-Almh%C3%BCtten-am-Hauser-Kaibling_1920x1280-1024x684.jpg&amp;h=390&amp;q=90&amp;f=.jpg\" alt=\"Prenner Alm, Almh\u00fctten\/Chalets am Hauser Kaibling_1920x1280\" width=\"583\" height=\"390\" \/><\/a><p class=\"jig-HTMLdescription\">Prenner Alm, Almh\u00fctten\/Chalets am Hauser Kaibling_1920x1280<\/p><\/li><li><a href=\"https:\/\/www.prenner-alm.at\/wp-content\/uploads\/prenner-alm-almhuette-steiermark-hauser-kaibling-region-28-1024x683.jpg\"><img decoding=\"async\" src=\"https:\/\/www.prenner-alm.at\/wp-content\/plugins\/justified-image-grid\/timthumb.php?src=https%3A%2F%2Fwww.prenner-alm.at%2Fwp-content%2Fuploads%2Fprenner-alm-almhuette-steiermark-hauser-kaibling-region-28-1024x683.jpg&amp;h=390&amp;q=90&amp;f=.jpg\" alt=\"Prenner Alm, Almh\u00fctten am Hauser Kaibling\" width=\"584\" height=\"390\" \/><\/a><p class=\"jig-HTMLdescription\">Prenner Alm, Almh\u00fctten am Hauser Kaibling<\/p><\/li><li><a href=\"https:\/\/www.prenner-alm.at\/wp-content\/uploads\/DSC5670-1024x681.jpg\"><img decoding=\"async\" src=\"https:\/\/www.prenner-alm.at\/wp-content\/plugins\/justified-image-grid\/timthumb.php?src=https%3A%2F%2Fwww.prenner-alm.at%2Fwp-content%2Fuploads%2FDSC5670-1024x681.jpg&amp;h=390&amp;q=90&amp;f=.jpg\" alt=\"Prenner Alm - Almh\u00fctte am Hauser Kaibling\" width=\"586\" height=\"390\" \/><\/a><p class=\"jig-HTMLdescription\">Prenner Alm - Almh\u00fctte am Hauser Kaibling<\/p><\/li><li><a href=\"https:\/\/www.prenner-alm.at\/wp-content\/uploads\/IMG_6096-1024x768.jpeg\"><img decoding=\"async\" src=\"https:\/\/www.prenner-alm.at\/wp-content\/plugins\/justified-image-grid\/timthumb.php?src=https%3A%2F%2Fwww.prenner-alm.at%2Fwp-content%2Fuploads%2FIMG_6096-1024x768.jpeg&amp;h=390&amp;q=90&amp;f=.jpeg\" alt=\"Almh\u00fctten in der Steiermark, Hauser Kaibling\" width=\"520\" height=\"390\" \/><\/a><p class=\"jig-HTMLdescription\">Almh\u00fctten in der Steiermark, Hauser Kaibling<\/p><\/li><li><a href=\"https:\/\/www.prenner-alm.at\/wp-content\/uploads\/prenner-alm-almhuette-steiermark-hauser-kaibling-region-29-1024x683.jpg\"><img decoding=\"async\" src=\"https:\/\/www.prenner-alm.at\/wp-content\/plugins\/justified-image-grid\/timthumb.php?src=https%3A%2F%2Fwww.prenner-alm.at%2Fwp-content%2Fuploads%2Fprenner-alm-almhuette-steiermark-hauser-kaibling-region-29-1024x683.jpg&amp;h=390&amp;q=90&amp;f=.jpg\" alt=\"Prenner Alm, Almh\u00fctten am Hauser Kaibling\" width=\"584\" height=\"390\" \/><\/a><p class=\"jig-HTMLdescription\">Prenner Alm, Almh\u00fctten am Hauser Kaibling<\/p><\/li><li><a href=\"https:\/\/www.prenner-alm.at\/wp-content\/uploads\/prenner-alm-almhuette-steiermark-hauser-kaibling-region-20-1024x683.jpg\"><img decoding=\"async\" src=\"https:\/\/www.prenner-alm.at\/wp-content\/plugins\/justified-image-grid\/timthumb.php?src=https%3A%2F%2Fwww.prenner-alm.at%2Fwp-content%2Fuploads%2Fprenner-alm-almhuette-steiermark-hauser-kaibling-region-20-1024x683.jpg&amp;h=390&amp;q=90&amp;f=.jpg\" alt=\"Prenner Alm, Almh\u00fctten am Hauser Kaibling\" width=\"584\" height=\"390\" \/><\/a><p class=\"jig-HTMLdescription\">Prenner Alm, Almh\u00fctten am Hauser Kaibling<\/p><\/li><li><a href=\"https:\/\/www.prenner-alm.at\/wp-content\/uploads\/prenner-alm-almhuette-steiermark-hauser-kaibling-region-21-1024x683.jpg\"><img decoding=\"async\" src=\"https:\/\/www.prenner-alm.at\/wp-content\/plugins\/justified-image-grid\/timthumb.php?src=https%3A%2F%2Fwww.prenner-alm.at%2Fwp-content%2Fuploads%2Fprenner-alm-almhuette-steiermark-hauser-kaibling-region-21-1024x683.jpg&amp;h=390&amp;q=90&amp;f=.jpg\" alt=\"Prenner Alm, Almh\u00fctten am Hauser Kaibling\" width=\"584\" height=\"390\" \/><\/a><p class=\"jig-HTMLdescription\">Prenner Alm, Almh\u00fctten am Hauser Kaibling<\/p><\/li><li><a href=\"https:\/\/www.prenner-alm.at\/wp-content\/uploads\/prenner-alm-almhuette-steiermark-hauser-kaibling-region-19-1024x683.jpg\"><img decoding=\"async\" src=\"https:\/\/www.prenner-alm.at\/wp-content\/plugins\/justified-image-grid\/timthumb.php?src=https%3A%2F%2Fwww.prenner-alm.at%2Fwp-content%2Fuploads%2Fprenner-alm-almhuette-steiermark-hauser-kaibling-region-19-1024x683.jpg&amp;h=390&amp;q=90&amp;f=.jpg\" alt=\"Prenner Alm, Almh\u00fctten am Hauser Kaibling\" width=\"584\" height=\"390\" \/><\/a><p class=\"jig-HTMLdescription\">Prenner Alm, Almh\u00fctten am Hauser Kaibling<\/p><\/li><li><a href=\"https:\/\/www.prenner-alm.at\/wp-content\/uploads\/Aussicht-Prenner-Alm-Hauser-Kaibling-Naturteich-576x1024.jpeg\"><img decoding=\"async\" src=\"https:\/\/www.prenner-alm.at\/wp-content\/plugins\/justified-image-grid\/timthumb.php?src=https%3A%2F%2Fwww.prenner-alm.at%2Fwp-content%2Fuploads%2FAussicht-Prenner-Alm-Hauser-Kaibling-Naturteich-576x1024.jpeg&amp;h=390&amp;q=90&amp;f=.jpeg\" alt=\"Aussicht-Prenner Alm-Hauser-Kaibling-Naturteich\" width=\"219\" height=\"390\" \/><\/a><p class=\"jig-HTMLdescription\">Aussicht-Prenner Alm-Hauser-Kaibling-Naturteich<\/p><\/li><li><a href=\"https:\/\/www.prenner-alm.at\/wp-content\/uploads\/Prenner-Alm-Almh\u00fctten-am-Hauser-Kaibling-1024x680.jpg\"><img decoding=\"async\" src=\"https:\/\/www.prenner-alm.at\/wp-content\/plugins\/justified-image-grid\/timthumb.php?src=https%3A%2F%2Fwww.prenner-alm.at%2Fwp-content%2Fuploads%2FPrenner-Alm-Almh%C3%BCtten-am-Hauser-Kaibling-1024x680.jpg&amp;h=390&amp;q=90&amp;f=.jpg\" alt=\"Prenner Alm, Almh\u00fctten am Hauser Kaibling\" width=\"587\" height=\"390\" \/><\/a><p class=\"jig-HTMLdescription\">Prenner Alm, Almh\u00fctten am Hauser Kaibling<\/p><\/li><li><a href=\"https:\/\/www.prenner-alm.at\/wp-content\/uploads\/IMG_9153-1024x768.jpg\"><img decoding=\"async\" src=\"https:\/\/www.prenner-alm.at\/wp-content\/plugins\/justified-image-grid\/timthumb.php?src=https%3A%2F%2Fwww.prenner-alm.at%2Fwp-content%2Fuploads%2FIMG_9153-1024x768.jpg&amp;h=390&amp;q=90&amp;f=.jpg\" alt=\"Stoamandl - Almh\u00fctte am Hauser Kaibling, Steiermark\" width=\"520\" height=\"390\" \/><\/a><p class=\"jig-HTMLdescription\">Stoamandl - Almh\u00fctte am Hauser Kaibling, Steiermark<\/p><\/li><li><a href=\"https:\/\/www.prenner-alm.at\/wp-content\/uploads\/impressionen-prenner-alm-sommer-2-1024x768.jpg\"><img decoding=\"async\" src=\"https:\/\/www.prenner-alm.at\/wp-content\/plugins\/justified-image-grid\/timthumb.php?src=https%3A%2F%2Fwww.prenner-alm.at%2Fwp-content%2Fuploads%2Fimpressionen-prenner-alm-sommer-2-1024x768.jpg&amp;h=390&amp;q=90&amp;f=.jpg\" alt=\"Impressionen Prenner Alm - Sommer\" width=\"520\" height=\"390\" \/><\/a><p class=\"jig-HTMLdescription\">Impressionen Prenner Alm - Sommer<\/p><\/li><li><a href=\"https:\/\/www.prenner-alm.at\/wp-content\/uploads\/prenner-alm-hauser-kaibling-kinderspielplatz-2-768x1024.jpeg\"><img decoding=\"async\" src=\"https:\/\/www.prenner-alm.at\/wp-content\/plugins\/justified-image-grid\/timthumb.php?src=https%3A%2F%2Fwww.prenner-alm.at%2Fwp-content%2Fuploads%2Fprenner-alm-hauser-kaibling-kinderspielplatz-2-768x1024.jpeg&amp;h=390&amp;q=90&amp;f=.jpeg\" alt=\"prenner-alm-hauser-kaibling-kinderspielplatz-2\" width=\"292\" height=\"390\" \/><\/a><p class=\"jig-HTMLdescription\">prenner-alm-hauser-kaibling-kinderspielplatz-2<\/p><\/li><li><a href=\"https:\/\/www.prenner-alm.at\/wp-content\/uploads\/prenner-alm-hauser-kaibling-kinderspielplatz-1-767x1024.jpeg\"><img decoding=\"async\" src=\"https:\/\/www.prenner-alm.at\/wp-content\/plugins\/justified-image-grid\/timthumb.php?src=https%3A%2F%2Fwww.prenner-alm.at%2Fwp-content%2Fuploads%2Fprenner-alm-hauser-kaibling-kinderspielplatz-1-767x1024.jpeg&amp;h=390&amp;q=90&amp;f=.jpeg\" alt=\"prenner-alm-hauser-kaibling-kinderspielplatz-1\" width=\"292\" height=\"390\" \/><\/a><p class=\"jig-HTMLdescription\">prenner-alm-hauser-kaibling-kinderspielplatz-1<\/p><\/li><li><a href=\"https:\/\/www.prenner-alm.at\/wp-content\/uploads\/prenner-alm-hauser-kaibling-kinderspielplatz-768x1024.jpeg\"><img decoding=\"async\" src=\"https:\/\/www.prenner-alm.at\/wp-content\/plugins\/justified-image-grid\/timthumb.php?src=https%3A%2F%2Fwww.prenner-alm.at%2Fwp-content%2Fuploads%2Fprenner-alm-hauser-kaibling-kinderspielplatz-768x1024.jpeg&amp;h=390&amp;q=90&amp;f=.jpeg\" alt=\"prenner-alm-hauser-kaibling-kinderspielplatz\" width=\"292\" height=\"390\" \/><\/a><p class=\"jig-HTMLdescription\">prenner-alm-hauser-kaibling-kinderspielplatz<\/p><\/li><li><a href=\"https:\/\/www.prenner-alm.at\/wp-content\/uploads\/IMG_8171-1024x768.jpg\"><img decoding=\"async\" src=\"https:\/\/www.prenner-alm.at\/wp-content\/plugins\/justified-image-grid\/timthumb.php?src=https%3A%2F%2Fwww.prenner-alm.at%2Fwp-content%2Fuploads%2FIMG_8171-1024x768.jpg&amp;h=390&amp;q=90&amp;f=.jpg\" alt=\"Prenner Alm - Natur - Schladming Dachstein\" width=\"520\" height=\"390\" \/><\/a><p class=\"jig-HTMLdescription\">Prenner Alm - Natur - Schladming Dachstein<\/p><\/li><li><a href=\"https:\/\/www.prenner-alm.at\/wp-content\/uploads\/prenner-alm-almhuette-steiermark-hauser-kaibling-1-1024x674.jpg\"><img decoding=\"async\" src=\"https:\/\/www.prenner-alm.at\/wp-content\/plugins\/justified-image-grid\/timthumb.php?src=https%3A%2F%2Fwww.prenner-alm.at%2Fwp-content%2Fuploads%2Fprenner-alm-almhuette-steiermark-hauser-kaibling-1-1024x674.jpg&amp;h=390&amp;q=90&amp;f=.jpg\" alt=\"Impressionen Prenner Alm - Sommer\" width=\"592\" height=\"390\" \/><\/a><p class=\"jig-HTMLdescription\">Impressionen Prenner Alm - Sommer<\/p><\/li><li><a href=\"https:\/\/www.prenner-alm.at\/wp-content\/uploads\/prenner-alm-almhuette-steiermark-hauser-kaibling-region-2-1024x768.jpg\"><img decoding=\"async\" src=\"https:\/\/www.prenner-alm.at\/wp-content\/plugins\/justified-image-grid\/timthumb.php?src=https%3A%2F%2Fwww.prenner-alm.at%2Fwp-content%2Fuploads%2Fprenner-alm-almhuette-steiermark-hauser-kaibling-region-2-1024x768.jpg&amp;h=390&amp;q=90&amp;f=.jpg\" alt=\"Impressionen Prenner Alm - Sommer\" width=\"520\" height=\"390\" \/><\/a><p class=\"jig-HTMLdescription\">Impressionen Prenner Alm - Sommer<\/p><\/li><li><a href=\"https:\/\/www.prenner-alm.at\/wp-content\/uploads\/impressionen-prenner-alm-sommer-4.jpg\"><img decoding=\"async\" src=\"https:\/\/www.prenner-alm.at\/wp-content\/plugins\/justified-image-grid\/timthumb.php?src=https%3A%2F%2Fwww.prenner-alm.at%2Fwp-content%2Fuploads%2Fimpressionen-prenner-alm-sommer-4.jpg&amp;h=390&amp;q=90&amp;f=.jpg\" alt=\"Impressionen Prenner Alm - Sommer\" width=\"585\" height=\"390\" \/><\/a><p class=\"jig-HTMLdescription\">Impressionen Prenner Alm - Sommer<\/p><\/li><li><a href=\"https:\/\/www.prenner-alm.at\/wp-content\/uploads\/Sonnenuntergang-Aussicht-Prenner-Alm-1024x559.jpeg\"><img decoding=\"async\" src=\"https:\/\/www.prenner-alm.at\/wp-content\/plugins\/justified-image-grid\/timthumb.php?src=https%3A%2F%2Fwww.prenner-alm.at%2Fwp-content%2Fuploads%2FSonnenuntergang-Aussicht-Prenner-Alm-1024x559.jpeg&amp;h=390&amp;q=90&amp;f=.jpeg\" alt=\"Sonnenuntergang Aussicht Prenner Alm\" width=\"714\" height=\"390\" \/><\/a><p class=\"jig-HTMLdescription\">Sonnenuntergang Aussicht Prenner Alm<\/p><\/li><li><a href=\"https:\/\/www.prenner-alm.at\/wp-content\/uploads\/impressionen-prenner-alm-sommer-5.jpg\"><img decoding=\"async\" src=\"https:\/\/www.prenner-alm.at\/wp-content\/plugins\/justified-image-grid\/timthumb.php?src=https%3A%2F%2Fwww.prenner-alm.at%2Fwp-content%2Fuploads%2Fimpressionen-prenner-alm-sommer-5.jpg&amp;h=390&amp;q=90&amp;f=.jpg\" alt=\"Impressionen Prenner Alm - Sommer\" width=\"259\" height=\"390\" \/><\/a><p class=\"jig-HTMLdescription\">Impressionen Prenner Alm - Sommer<\/p><\/li><\/ul><\/noscript><\/div>\n<p>[\/vc_column_text][\/vc_column][\/vc_row][vc_row el_class=&#8221;ganze-breite&#8221; el_id=&#8221;winter&#8221;][vc_column][vc_column_text]<\/p>\n<h5>Winter at the Prenner Alm<\/h5>\n<p>[\/vc_column_text][vc_column_text]<\/p>\n<div id=\"jig2\" class=\"justified-image-grid jig-04473c541bb4af4fa9200c847aa0225a jig-preset-global jig-source-wp-gallery\"><div class=\"jig-clearfix\"><\/div><noscript id=\"jig2-html\" class=\"justified-image-grid-html\" data-lazy-src=\"skiplazyload\" data-src=\"skipunveillazyload\"><ul><li><a href=\"https:\/\/www.prenner-alm.at\/wp-content\/uploads\/prenner-alm-almhuette-steiermark-hauser-kaibling-region-13-1024x683.jpg\"><img decoding=\"async\" src=\"https:\/\/www.prenner-alm.at\/wp-content\/plugins\/justified-image-grid\/timthumb.php?src=https%3A%2F%2Fwww.prenner-alm.at%2Fwp-content%2Fuploads%2Fprenner-alm-almhuette-steiermark-hauser-kaibling-region-13-1024x683.jpg&amp;h=390&amp;q=90&amp;f=.jpg\" alt=\"Prenner Alm, Almh\u00fctten am Hauser Kaibling\" width=\"584\" height=\"390\" \/><\/a><p class=\"jig-HTMLdescription\">Prenner Alm, Almh\u00fctten am Hauser Kaibling<\/p><\/li><li><a href=\"https:\/\/www.prenner-alm.at\/wp-content\/uploads\/prenner-alm-almhuette-steiermark-hauser-kaibling-region-12-1024x683.jpg\"><img decoding=\"async\" src=\"https:\/\/www.prenner-alm.at\/wp-content\/plugins\/justified-image-grid\/timthumb.php?src=https%3A%2F%2Fwww.prenner-alm.at%2Fwp-content%2Fuploads%2Fprenner-alm-almhuette-steiermark-hauser-kaibling-region-12-1024x683.jpg&amp;h=390&amp;q=90&amp;f=.jpg\" alt=\"Prenner Alm, Almh\u00fctten am Hauser Kaibling\" width=\"584\" height=\"390\" \/><\/a><p class=\"jig-HTMLdescription\">Prenner Alm, Almh\u00fctten am Hauser Kaibling<\/p><\/li><li><a href=\"https:\/\/www.prenner-alm.at\/wp-content\/uploads\/image00002-1024x682.jpeg\"><img decoding=\"async\" src=\"https:\/\/www.prenner-alm.at\/wp-content\/plugins\/justified-image-grid\/timthumb.php?src=https%3A%2F%2Fwww.prenner-alm.at%2Fwp-content%2Fuploads%2Fimage00002-1024x682.jpeg&amp;h=390&amp;q=90&amp;f=.jpeg\" alt=\"Almhuetten-Prenner Alm-Piste-Drohne-Aussenansicht-5\" width=\"585\" height=\"390\" \/><\/a><p class=\"jig-HTMLdescription\">Almhuetten-Prenner Alm-Piste-Drohne-Aussenansicht-5<\/p><\/li><li><a href=\"https:\/\/www.prenner-alm.at\/wp-content\/uploads\/prenner-alm-almhuette-steiermark-hauser-kaibling-region-16-1024x683.jpg\"><img decoding=\"async\" src=\"https:\/\/www.prenner-alm.at\/wp-content\/plugins\/justified-image-grid\/timthumb.php?src=https%3A%2F%2Fwww.prenner-alm.at%2Fwp-content%2Fuploads%2Fprenner-alm-almhuette-steiermark-hauser-kaibling-region-16-1024x683.jpg&amp;h=390&amp;q=90&amp;f=.jpg\" alt=\"Prenner Alm, Almh\u00fctten am Hauser Kaibling\" width=\"584\" height=\"390\" \/><\/a><p class=\"jig-HTMLdescription\">Prenner Alm, Almh\u00fctten am Hauser Kaibling<\/p><\/li><li><a href=\"https:\/\/www.prenner-alm.at\/wp-content\/uploads\/prenner-alm-almhuette-steiermark-hauser-kaibling-region-14-1024x683.jpg\"><img decoding=\"async\" src=\"https:\/\/www.prenner-alm.at\/wp-content\/plugins\/justified-image-grid\/timthumb.php?src=https%3A%2F%2Fwww.prenner-alm.at%2Fwp-content%2Fuploads%2Fprenner-alm-almhuette-steiermark-hauser-kaibling-region-14-1024x683.jpg&amp;h=390&amp;q=90&amp;f=.jpg\" alt=\"Prenner Alm, Almh\u00fctten am Hauser Kaibling\" width=\"584\" height=\"390\" \/><\/a><p class=\"jig-HTMLdescription\">Prenner Alm, Almh\u00fctten am Hauser Kaibling<\/p><\/li><li><a href=\"https:\/\/www.prenner-alm.at\/wp-content\/uploads\/traumlage-hauser-kaibling-prenner-alm-6-1024x400.jpg\"><img decoding=\"async\" src=\"https:\/\/www.prenner-alm.at\/wp-content\/plugins\/justified-image-grid\/timthumb.php?src=https%3A%2F%2Fwww.prenner-alm.at%2Fwp-content%2Fuploads%2Ftraumlage-hauser-kaibling-prenner-alm-6-1024x400.jpg&amp;h=390&amp;q=90&amp;f=.jpg\" alt=\"Traumlage am Hauser Kaibling - Almh\u00fctten in der Steiermark\" width=\"998\" height=\"390\" \/><\/a><p class=\"jig-HTMLdescription\">Traumlage am Hauser Kaibling - Almh\u00fctten in der Steiermark<\/p><\/li><li><a href=\"https:\/\/www.prenner-alm.at\/wp-content\/uploads\/prenner-alm-almhuette-steiermark-hauser-kaibling-region-11-1024x683.jpg\"><img decoding=\"async\" src=\"https:\/\/www.prenner-alm.at\/wp-content\/plugins\/justified-image-grid\/timthumb.php?src=https%3A%2F%2Fwww.prenner-alm.at%2Fwp-content%2Fuploads%2Fprenner-alm-almhuette-steiermark-hauser-kaibling-region-11-1024x683.jpg&amp;h=390&amp;q=90&amp;f=.jpg\" alt=\"Prenner Alm, Almh\u00fctten am Hauser Kaibling\" width=\"584\" height=\"390\" \/><\/a><p class=\"jig-HTMLdescription\">Prenner Alm, Almh\u00fctten am Hauser Kaibling<\/p><\/li><li><a href=\"https:\/\/www.prenner-alm.at\/wp-content\/uploads\/prenner-alm-almhuette-steiermark-hauser-kaibling-region-15-1024x683.jpg\"><img decoding=\"async\" src=\"https:\/\/www.prenner-alm.at\/wp-content\/plugins\/justified-image-grid\/timthumb.php?src=https%3A%2F%2Fwww.prenner-alm.at%2Fwp-content%2Fuploads%2Fprenner-alm-almhuette-steiermark-hauser-kaibling-region-15-1024x683.jpg&amp;h=390&amp;q=90&amp;f=.jpg\" alt=\"Prenner Alm, Almh\u00fctten am Hauser Kaibling\" width=\"584\" height=\"390\" \/><\/a><p class=\"jig-HTMLdescription\">Prenner Alm, Almh\u00fctten am Hauser Kaibling<\/p><\/li><li><a href=\"https:\/\/www.prenner-alm.at\/wp-content\/uploads\/impressionen-prenner-alm-winter2-1024x768.jpg\"><img decoding=\"async\" src=\"https:\/\/www.prenner-alm.at\/wp-content\/plugins\/justified-image-grid\/timthumb.php?src=https%3A%2F%2Fwww.prenner-alm.at%2Fwp-content%2Fuploads%2Fimpressionen-prenner-alm-winter2-1024x768.jpg&amp;h=390&amp;q=90&amp;f=.jpg\" alt=\"impressionen-prenner-alm-winter2\" width=\"520\" height=\"390\" \/><\/a><p class=\"jig-HTMLdescription\">impressionen-prenner-alm-winter2<\/p><\/li><li><a href=\"https:\/\/www.prenner-alm.at\/wp-content\/uploads\/Prenner-Alm-Hauser-Kaibling-Winterwanderweg-1024x768.jpeg\"><img decoding=\"async\" src=\"https:\/\/www.prenner-alm.at\/wp-content\/plugins\/justified-image-grid\/timthumb.php?src=https%3A%2F%2Fwww.prenner-alm.at%2Fwp-content%2Fuploads%2FPrenner-Alm-Hauser-Kaibling-Winterwanderweg-1024x768.jpeg&amp;h=390&amp;q=90&amp;f=.jpeg\" alt=\"Prenner Alm-Hauser-Kaibling-Winterwanderweg\" width=\"520\" height=\"390\" \/><\/a><p class=\"jig-HTMLdescription\">Prenner Alm-Hauser-Kaibling-Winterwanderweg<\/p><\/li><li><a href=\"https:\/\/www.prenner-alm.at\/wp-content\/uploads\/prenner-alm-almhuette-steiermark-hauser-kaibling-region-4-768x1024.jpg\"><img decoding=\"async\" src=\"https:\/\/www.prenner-alm.at\/wp-content\/plugins\/justified-image-grid\/timthumb.php?src=https%3A%2F%2Fwww.prenner-alm.at%2Fwp-content%2Fuploads%2Fprenner-alm-almhuette-steiermark-hauser-kaibling-region-4-768x1024.jpg&amp;h=390&amp;q=90&amp;f=.jpg\" alt=\"Impressionen Prenner Alm - Winter- &amp; Skiurlaub\" width=\"292\" height=\"390\" \/><\/a><p class=\"jig-HTMLdescription\">Impressionen Prenner Alm - Winter- & Skiurlaub<\/p><\/li><li><a href=\"https:\/\/www.prenner-alm.at\/wp-content\/uploads\/prenner-alm-almhuette-steiermark-hauser-kaibling-region-9-1024x575.jpg\"><img decoding=\"async\" src=\"https:\/\/www.prenner-alm.at\/wp-content\/plugins\/justified-image-grid\/timthumb.php?src=https%3A%2F%2Fwww.prenner-alm.at%2Fwp-content%2Fuploads%2Fprenner-alm-almhuette-steiermark-hauser-kaibling-region-9-1024x575.jpg&amp;h=390&amp;q=90&amp;f=.jpg\" alt=\"Impressionen Prenner Alm - Winter- &amp; Skiurlaub\" width=\"694\" height=\"390\" \/><\/a><p class=\"jig-HTMLdescription\">Impressionen Prenner Alm - Winter- & Skiurlaub<\/p><\/li><li><a href=\"https:\/\/www.prenner-alm.at\/wp-content\/uploads\/impressionen-prenner-alm-winter-2-1024x575.jpg\"><img decoding=\"async\" src=\"https:\/\/www.prenner-alm.at\/wp-content\/plugins\/justified-image-grid\/timthumb.php?src=https%3A%2F%2Fwww.prenner-alm.at%2Fwp-content%2Fuploads%2Fimpressionen-prenner-alm-winter-2-1024x575.jpg&amp;h=390&amp;q=90&amp;f=.jpg\" alt=\"Impressionen Prenner Alm - Winter\" width=\"694\" height=\"390\" \/><\/a><p class=\"jig-HTMLdescription\">Impressionen Prenner Alm - Winter<\/p><\/li><li><a href=\"https:\/\/www.prenner-alm.at\/wp-content\/uploads\/prenner-alm-almhuette-steiermark-hauser-kaibling-region-5-1024x768.jpg\"><img decoding=\"async\" src=\"https:\/\/www.prenner-alm.at\/wp-content\/plugins\/justified-image-grid\/timthumb.php?src=https%3A%2F%2Fwww.prenner-alm.at%2Fwp-content%2Fuploads%2Fprenner-alm-almhuette-steiermark-hauser-kaibling-region-5-1024x768.jpg&amp;h=390&amp;q=90&amp;f=.jpg\" alt=\"Impressionen Prenner Alm - Winter- &amp; Skiurlaub\" width=\"520\" height=\"390\" \/><\/a><p class=\"jig-HTMLdescription\">Impressionen Prenner Alm - Winter- & Skiurlaub<\/p><\/li><li><a href=\"https:\/\/www.prenner-alm.at\/wp-content\/uploads\/Prenner-Alm-Hauser-Kaibling-Winterstimmung-573x1024.jpeg\"><img decoding=\"async\" src=\"https:\/\/www.prenner-alm.at\/wp-content\/plugins\/justified-image-grid\/timthumb.php?src=https%3A%2F%2Fwww.prenner-alm.at%2Fwp-content%2Fuploads%2FPrenner-Alm-Hauser-Kaibling-Winterstimmung-573x1024.jpeg&amp;h=390&amp;q=90&amp;f=.jpeg\" alt=\"Prenner Alm-Hauser-Kaibling-Winterstimmung\" width=\"218\" height=\"390\" \/><\/a><p class=\"jig-HTMLdescription\">Prenner Alm-Hauser-Kaibling-Winterstimmung<\/p><\/li><\/ul><\/noscript><\/div>\n<p>[\/vc_column_text][\/vc_column][\/vc_row][vc_row el_class=&#8221;ganze-breite&#8221; el_id=&#8221;innenaufnahmen&#8221;][vc_column][vc_column_text]<\/p>\n<h5>Prenner Alm insights<\/h5>\n<p>[\/vc_column_text][vc_column_text]<\/p>\n<div id=\"jig3\" class=\"justified-image-grid jig-d8d7d2157839a2b6d2e61ce0beb4e253 jig-preset-global jig-source-wp-gallery\"><div class=\"jig-clearfix\"><\/div><noscript id=\"jig3-html\" class=\"justified-image-grid-html\" data-lazy-src=\"skiplazyload\" data-src=\"skipunveillazyload\"><ul><li><a href=\"https:\/\/www.prenner-alm.at\/wp-content\/uploads\/DSC5657-1024x681.jpg\"><img decoding=\"async\" src=\"https:\/\/www.prenner-alm.at\/wp-content\/plugins\/justified-image-grid\/timthumb.php?src=https%3A%2F%2Fwww.prenner-alm.at%2Fwp-content%2Fuploads%2FDSC5657-1024x681.jpg&amp;h=390&amp;q=90&amp;f=.jpg\" alt=\"Prenner Alm, Almh\u00fctten am Hauser Kaibling\" width=\"586\" height=\"390\" \/><\/a><p class=\"jig-HTMLdescription\">Prenner Alm, Almh\u00fctten am Hauser Kaibling<\/p><\/li><li><a href=\"https:\/\/www.prenner-alm.at\/wp-content\/uploads\/DSC5572-1024x681.jpg\"><img decoding=\"async\" src=\"https:\/\/www.prenner-alm.at\/wp-content\/plugins\/justified-image-grid\/timthumb.php?src=https%3A%2F%2Fwww.prenner-alm.at%2Fwp-content%2Fuploads%2FDSC5572-1024x681.jpg&amp;h=390&amp;q=90&amp;f=.jpg\" alt=\"Prenner Alm, Almh\u00fctten am Hauser Kaibling\" width=\"586\" height=\"390\" \/><\/a><p class=\"jig-HTMLdescription\">Prenner Alm, Almh\u00fctten am Hauser Kaibling<\/p><\/li><li><a href=\"https:\/\/www.prenner-alm.at\/wp-content\/uploads\/DSC0245-1-1024x683.jpg\"><img decoding=\"async\" src=\"https:\/\/www.prenner-alm.at\/wp-content\/plugins\/justified-image-grid\/timthumb.php?src=https%3A%2F%2Fwww.prenner-alm.at%2Fwp-content%2Fuploads%2FDSC0245-1-1024x683.jpg&amp;h=390&amp;q=90&amp;f=.jpg\" alt=\"Fr\u00fchst\u00fcckskorb - Almh\u00fctte am Hauser Kaibling, Steiermark\" width=\"584\" height=\"390\" \/><\/a><p class=\"jig-HTMLdescription\">Fr\u00fchst\u00fcckskorb - Almh\u00fctte am Hauser Kaibling, Steiermark<\/p><\/li><li><a href=\"https:\/\/www.prenner-alm.at\/wp-content\/uploads\/DSC5603-681x1024.jpg\"><img decoding=\"async\" src=\"https:\/\/www.prenner-alm.at\/wp-content\/plugins\/justified-image-grid\/timthumb.php?src=https%3A%2F%2Fwww.prenner-alm.at%2Fwp-content%2Fuploads%2FDSC5603-681x1024.jpg&amp;h=390&amp;q=90&amp;f=.jpg\" alt=\"Prenner Alm - Almh\u00fctte am Hauser Kaibling, Steiermark\" width=\"259\" height=\"390\" \/><\/a><p class=\"jig-HTMLdescription\">Prenner Alm - Almh\u00fctte am Hauser Kaibling, Steiermark<\/p><\/li><li><a href=\"https:\/\/www.prenner-alm.at\/wp-content\/uploads\/DSC5626-1024x681.jpg\"><img decoding=\"async\" src=\"https:\/\/www.prenner-alm.at\/wp-content\/plugins\/justified-image-grid\/timthumb.php?src=https%3A%2F%2Fwww.prenner-alm.at%2Fwp-content%2Fuploads%2FDSC5626-1024x681.jpg&amp;h=390&amp;q=90&amp;f=.jpg\" alt=\"Prenner Alm - Almh\u00fctte am Hauser Kaibling, Steiermark\" width=\"586\" height=\"390\" \/><\/a><p class=\"jig-HTMLdescription\">Prenner Alm - Almh\u00fctte am Hauser Kaibling, Steiermark<\/p><\/li><li><a href=\"https:\/\/www.prenner-alm.at\/wp-content\/uploads\/DSC5663-1024x681.jpg\"><img decoding=\"async\" src=\"https:\/\/www.prenner-alm.at\/wp-content\/plugins\/justified-image-grid\/timthumb.php?src=https%3A%2F%2Fwww.prenner-alm.at%2Fwp-content%2Fuploads%2FDSC5663-1024x681.jpg&amp;h=390&amp;q=90&amp;f=.jpg\" alt=\"Prenner Alm, Almh\u00fctten am Hauser Kaibling\" width=\"586\" height=\"390\" \/><\/a><p class=\"jig-HTMLdescription\">Prenner Alm, Almh\u00fctten am Hauser Kaibling<\/p><\/li><li><a href=\"https:\/\/www.prenner-alm.at\/wp-content\/uploads\/DSC0147-1024x683.jpg\"><img decoding=\"async\" src=\"https:\/\/www.prenner-alm.at\/wp-content\/plugins\/justified-image-grid\/timthumb.php?src=https%3A%2F%2Fwww.prenner-alm.at%2Fwp-content%2Fuploads%2FDSC0147-1024x683.jpg&amp;h=390&amp;q=90&amp;f=.jpg\" alt=\"\u00c5lmerin - Almh\u00fctte am Hauser Kaibling, Steiermark\" width=\"584\" height=\"390\" \/><\/a><p class=\"jig-HTMLdescription\">\u00c5lmerin - Almh\u00fctte am Hauser Kaibling, Steiermark<\/p><\/li><li><a href=\"https:\/\/www.prenner-alm.at\/wp-content\/uploads\/DSC5633-1024x681.jpg\"><img decoding=\"async\" src=\"https:\/\/www.prenner-alm.at\/wp-content\/plugins\/justified-image-grid\/timthumb.php?src=https%3A%2F%2Fwww.prenner-alm.at%2Fwp-content%2Fuploads%2FDSC5633-1024x681.jpg&amp;h=390&amp;q=90&amp;f=.jpg\" alt=\"Prenner Alm, Almh\u00fctten am Hauser Kaibling\" width=\"586\" height=\"390\" \/><\/a><p class=\"jig-HTMLdescription\">Prenner Alm, Almh\u00fctten am Hauser Kaibling<\/p><\/li><li><a href=\"https:\/\/www.prenner-alm.at\/wp-content\/uploads\/almhuette-almerin-prenner-alm-hauser-kaibling-9-1024x768.jpg\"><img decoding=\"async\" src=\"https:\/\/www.prenner-alm.at\/wp-content\/plugins\/justified-image-grid\/timthumb.php?src=https%3A%2F%2Fwww.prenner-alm.at%2Fwp-content%2Fuploads%2Falmhuette-almerin-prenner-alm-hauser-kaibling-9-1024x768.jpg&amp;h=390&amp;q=90&amp;f=.jpg\" alt=\"\u00c5lmerin - Almh\u00fctte am Hauser Kaibling, Steiermark\" width=\"520\" height=\"390\" \/><\/a><p class=\"jig-HTMLdescription\">\u00c5lmerin - Almh\u00fctte am Hauser Kaibling, Steiermark<\/p><\/li><li><a href=\"https:\/\/www.prenner-alm.at\/wp-content\/uploads\/almhuette-stoamandl-prenner-alm-hauser-kaibling-5-1024x768.jpg\"><img decoding=\"async\" src=\"https:\/\/www.prenner-alm.at\/wp-content\/plugins\/justified-image-grid\/timthumb.php?src=https%3A%2F%2Fwww.prenner-alm.at%2Fwp-content%2Fuploads%2Falmhuette-stoamandl-prenner-alm-hauser-kaibling-5-1024x768.jpg&amp;h=390&amp;q=90&amp;f=.jpg\" alt=\"Stoamandl - Almh\u00fctte am Hauser Kaibling, Steiermark\" width=\"520\" height=\"390\" \/><\/a><p class=\"jig-HTMLdescription\">Stoamandl - Almh\u00fctte am Hauser Kaibling, Steiermark<\/p><\/li><li><a href=\"https:\/\/www.prenner-alm.at\/wp-content\/uploads\/DSC5606-1024x681.jpg\"><img decoding=\"async\" src=\"https:\/\/www.prenner-alm.at\/wp-content\/plugins\/justified-image-grid\/timthumb.php?src=https%3A%2F%2Fwww.prenner-alm.at%2Fwp-content%2Fuploads%2FDSC5606-1024x681.jpg&amp;h=390&amp;q=90&amp;f=.jpg\" alt=\"Prenner Alm, Almh\u00fctten am Hauser Kaibling\" width=\"586\" height=\"390\" \/><\/a><p class=\"jig-HTMLdescription\">Prenner Alm, Almh\u00fctten am Hauser Kaibling<\/p><\/li><li><a href=\"https:\/\/www.prenner-alm.at\/wp-content\/uploads\/DSC5611-1024x681.jpg\"><img decoding=\"async\" src=\"https:\/\/www.prenner-alm.at\/wp-content\/plugins\/justified-image-grid\/timthumb.php?src=https%3A%2F%2Fwww.prenner-alm.at%2Fwp-content%2Fuploads%2FDSC5611-1024x681.jpg&amp;h=390&amp;q=90&amp;f=.jpg\" alt=\"Almwellnes - Prenner Alm - Almh\u00fctte am Hauser Kaibling\" width=\"586\" height=\"390\" \/><\/a><p class=\"jig-HTMLdescription\">Almwellnes - Prenner Alm - Almh\u00fctte am Hauser Kaibling<\/p><\/li><li><a href=\"https:\/\/www.prenner-alm.at\/wp-content\/uploads\/DSC0180-1024x683.jpg\"><img decoding=\"async\" src=\"https:\/\/www.prenner-alm.at\/wp-content\/plugins\/justified-image-grid\/timthumb.php?src=https%3A%2F%2Fwww.prenner-alm.at%2Fwp-content%2Fuploads%2FDSC0180-1024x683.jpg&amp;h=390&amp;q=90&amp;f=.jpg\" alt=\"Almwellness - Prenner Alm in Haus im Ennstal, Almh\u00fctte in der Steiermark\" width=\"584\" height=\"390\" \/><\/a><p class=\"jig-HTMLdescription\">Almwellness - Prenner Alm in Haus im Ennstal, Almh\u00fctte in der Steiermark<\/p><\/li><li><a href=\"https:\/\/www.prenner-alm.at\/wp-content\/uploads\/DSC5617-1024x681.jpg\"><img decoding=\"async\" src=\"https:\/\/www.prenner-alm.at\/wp-content\/plugins\/justified-image-grid\/timthumb.php?src=https%3A%2F%2Fwww.prenner-alm.at%2Fwp-content%2Fuploads%2FDSC5617-1024x681.jpg&amp;h=390&amp;q=90&amp;f=.jpg\" alt=\"Almwellnes - Prenner Alm - Almh\u00fctte am Hauser Kaibling\" width=\"586\" height=\"390\" \/><\/a><p class=\"jig-HTMLdescription\">Almwellnes - Prenner Alm - Almh\u00fctte am Hauser Kaibling<\/p><\/li><li><a href=\"https:\/\/www.prenner-alm.at\/wp-content\/uploads\/DSC5619-min-1024x681.jpg\"><img decoding=\"async\" src=\"https:\/\/www.prenner-alm.at\/wp-content\/plugins\/justified-image-grid\/timthumb.php?src=https%3A%2F%2Fwww.prenner-alm.at%2Fwp-content%2Fuploads%2FDSC5619-min-1024x681.jpg&amp;h=390&amp;q=90&amp;f=.jpg\" alt=\"Almwellness - Prenner Alm - Almh\u00fctte am Hauser Kaibling\" width=\"586\" height=\"390\" \/><\/a><p class=\"jig-HTMLdescription\">Almwellness - Prenner Alm - Almh\u00fctte am Hauser Kaibling<\/p><\/li><li><a href=\"https:\/\/www.prenner-alm.at\/wp-content\/uploads\/DSC5615-1024x681.jpg\"><img decoding=\"async\" src=\"https:\/\/www.prenner-alm.at\/wp-content\/plugins\/justified-image-grid\/timthumb.php?src=https%3A%2F%2Fwww.prenner-alm.at%2Fwp-content%2Fuploads%2FDSC5615-1024x681.jpg&amp;h=390&amp;q=90&amp;f=.jpg\" alt=\"Almwellnes - Prenner Alm - Almh\u00fctte am Hauser Kaibling\" width=\"586\" height=\"390\" \/><\/a><p class=\"jig-HTMLdescription\">Almwellnes - Prenner Alm - Almh\u00fctte am Hauser Kaibling<\/p><\/li><li><a href=\"https:\/\/www.prenner-alm.at\/wp-content\/uploads\/DSC5582-1024x681.jpg\"><img decoding=\"async\" src=\"https:\/\/www.prenner-alm.at\/wp-content\/plugins\/justified-image-grid\/timthumb.php?src=https%3A%2F%2Fwww.prenner-alm.at%2Fwp-content%2Fuploads%2FDSC5582-1024x681.jpg&amp;h=390&amp;q=90&amp;f=.jpg\" alt=\"Prenner Alm, Almh\u00fctten am Hauser Kaibling\" width=\"586\" height=\"390\" \/><\/a><p class=\"jig-HTMLdescription\">Prenner Alm, Almh\u00fctten am Hauser Kaibling<\/p><\/li><li><a href=\"https:\/\/www.prenner-alm.at\/wp-content\/uploads\/almhuette-almerin-prenner-alm-hauser-kaibling-17-1024x768.jpg\"><img decoding=\"async\" src=\"https:\/\/www.prenner-alm.at\/wp-content\/plugins\/justified-image-grid\/timthumb.php?src=https%3A%2F%2Fwww.prenner-alm.at%2Fwp-content%2Fuploads%2Falmhuette-almerin-prenner-alm-hauser-kaibling-17-1024x768.jpg&amp;h=390&amp;q=90&amp;f=.jpg\" alt=\"\u00c5lmerin - Almh\u00fctte am Hauser Kaibling, Steiermark\" width=\"520\" height=\"390\" \/><\/a><p class=\"jig-HTMLdescription\">\u00c5lmerin - Almh\u00fctte am Hauser Kaibling, Steiermark<\/p><\/li><li><a href=\"https:\/\/www.prenner-alm.at\/wp-content\/uploads\/DSC5622-1024x681.jpg\"><img decoding=\"async\" src=\"https:\/\/www.prenner-alm.at\/wp-content\/plugins\/justified-image-grid\/timthumb.php?src=https%3A%2F%2Fwww.prenner-alm.at%2Fwp-content%2Fuploads%2FDSC5622-1024x681.jpg&amp;h=390&amp;q=90&amp;f=.jpg\" alt=\"Prenner Alm - Almh\u00fctte am Hauser Kaibling, Steiermark\" width=\"586\" height=\"390\" \/><\/a><p class=\"jig-HTMLdescription\">Prenner Alm - Almh\u00fctte am Hauser Kaibling, Steiermark<\/p><\/li><li><a href=\"https:\/\/www.prenner-alm.at\/wp-content\/uploads\/inklusivleistungen-almhuette-prenner-alm-hauser-kaibling-3-1024x683.jpg\"><img decoding=\"async\" src=\"https:\/\/www.prenner-alm.at\/wp-content\/plugins\/justified-image-grid\/timthumb.php?src=https%3A%2F%2Fwww.prenner-alm.at%2Fwp-content%2Fuploads%2Finklusivleistungen-almhuette-prenner-alm-hauser-kaibling-3-1024x683.jpg&amp;h=390&amp;q=90&amp;f=.jpg\" alt=\"Inklusivleistungen - Prenner Alm - Almh\u00fctte am Hauser Kaibling\" width=\"584\" height=\"390\" \/><\/a><p class=\"jig-HTMLdescription\">Inklusivleistungen - Prenner Alm - Almh\u00fctte am Hauser Kaibling<\/p><\/li><li><a href=\"https:\/\/www.prenner-alm.at\/wp-content\/uploads\/almhuette-stoamandl-prenner-alm-hauser-kaibling-10-1024x768.jpg\"><img decoding=\"async\" src=\"https:\/\/www.prenner-alm.at\/wp-content\/plugins\/justified-image-grid\/timthumb.php?src=https%3A%2F%2Fwww.prenner-alm.at%2Fwp-content%2Fuploads%2Falmhuette-stoamandl-prenner-alm-hauser-kaibling-10-1024x768.jpg&amp;h=390&amp;q=90&amp;f=.jpg\" alt=\"Stoamandl - Almh\u00fctte am Hauser Kaibling, Steiermark\" width=\"520\" height=\"390\" \/><\/a><p class=\"jig-HTMLdescription\">Stoamandl - Almh\u00fctte am Hauser Kaibling, Steiermark<\/p><\/li><li><a href=\"https:\/\/www.prenner-alm.at\/wp-content\/uploads\/almhuette-almerin-prenner-alm-hauser-kaibling-10-1024x768.jpg\"><img decoding=\"async\" src=\"https:\/\/www.prenner-alm.at\/wp-content\/plugins\/justified-image-grid\/timthumb.php?src=https%3A%2F%2Fwww.prenner-alm.at%2Fwp-content%2Fuploads%2Falmhuette-almerin-prenner-alm-hauser-kaibling-10-1024x768.jpg&amp;h=390&amp;q=90&amp;f=.jpg\" alt=\"\u00c5lmerin - Almh\u00fctte am Hauser Kaibling, Steiermark\" width=\"520\" height=\"390\" \/><\/a><p class=\"jig-HTMLdescription\">\u00c5lmerin - Almh\u00fctte am Hauser Kaibling, Steiermark<\/p><\/li><li><a href=\"https:\/\/www.prenner-alm.at\/wp-content\/uploads\/DSC5664-min-1024x681.jpg\"><img decoding=\"async\" src=\"https:\/\/www.prenner-alm.at\/wp-content\/plugins\/justified-image-grid\/timthumb.php?src=https%3A%2F%2Fwww.prenner-alm.at%2Fwp-content%2Fuploads%2FDSC5664-min-1024x681.jpg&amp;h=390&amp;q=90&amp;f=.jpg\" alt=\"Prenner Alm - Almh\u00fctte am Hauser Kaibling, Steiermark\" width=\"586\" height=\"390\" \/><\/a><p class=\"jig-HTMLdescription\">Prenner Alm - Almh\u00fctte am Hauser Kaibling, Steiermark<\/p><\/li><li><a href=\"https:\/\/www.prenner-alm.at\/wp-content\/uploads\/almhuette-almerin-prenner-alm-hauser-kaibling-12-1024x768.jpg\"><img decoding=\"async\" src=\"https:\/\/www.prenner-alm.at\/wp-content\/plugins\/justified-image-grid\/timthumb.php?src=https%3A%2F%2Fwww.prenner-alm.at%2Fwp-content%2Fuploads%2Falmhuette-almerin-prenner-alm-hauser-kaibling-12-1024x768.jpg&amp;h=390&amp;q=90&amp;f=.jpg\" alt=\"\u00c5lmerin - Almh\u00fctte am Hauser Kaibling, Steiermark\" width=\"520\" height=\"390\" \/><\/a><p class=\"jig-HTMLdescription\">\u00c5lmerin - Almh\u00fctte am Hauser Kaibling, Steiermark<\/p><\/li><li><a href=\"https:\/\/www.prenner-alm.at\/wp-content\/uploads\/DSC5635-681x1024.jpg\"><img decoding=\"async\" src=\"https:\/\/www.prenner-alm.at\/wp-content\/plugins\/justified-image-grid\/timthumb.php?src=https%3A%2F%2Fwww.prenner-alm.at%2Fwp-content%2Fuploads%2FDSC5635-681x1024.jpg&amp;h=390&amp;q=90&amp;f=.jpg\" alt=\"Prenner Alm, Almh\u00fctten am Hauser Kaibling\" width=\"259\" height=\"390\" \/><\/a><p class=\"jig-HTMLdescription\">Prenner Alm, Almh\u00fctten am Hauser Kaibling<\/p><\/li><\/ul><\/noscript><\/div>\n<p>[\/vc_column_text][\/vc_column][\/vc_row][vc_row][vc_column width=&#8221;1\/3&#8243;][vc_column_text]<span class=\"button-block\"><a href=\"https:\/\/www.prenner-alm.at\/almerin-huette-hauser-kaibling\/\">Alpine Chalet \u201e\u00c5lmerin\u201c<\/a><\/span>[\/vc_column_text][\/vc_column][vc_column width=&#8221;1\/3&#8243;][vc_column_text]<span class=\"button-block\"><a href=\"https:\/\/www.prenner-alm.at\/stoamandl-almhuette-steiermark\/\">Alpine Chalet \u201eStoamandl\u201c<\/a><\/span>[\/vc_column_text][\/vc_column][vc_column width=&#8221;1\/3&#8243;][vc_column_text]<span class=\"button-block\"><a href=\"https:\/\/www.prenner-alm.at\/en\/enquiries\/\">Booking enquiries<\/a><\/span>[\/vc_column_text][\/vc_column][\/vc_row]<\/p>\n<\/div>","protected":false},"excerpt":{"rendered":"<p>[vc_row][vc_column][vc_column_text] Images &amp; impressions [\/vc_column_text][\/vc_column][\/vc_row][vc_row][vc_column width=&#8221;1\/3&#8243;][vc_column_text]Summer[\/vc_column_text][\/vc_column][vc_column width=&#8221;1\/3&#8243;][vc_column_text]Winter[\/vc_column_text][\/vc_column][vc_column width=&#8221;1\/3&#8243;][vc_column_text]Insights[\/vc_column_text][\/vc_column][\/vc_row][vc_row el_class=&#8221;ganze-breite&#8221; el_id=&#8221;sommer&#8221;][vc_column][vc_column_text] Summer at the Prenner Alm [\/vc_column_text][vc_column_text] [\/vc_column_text][\/vc_column][\/vc_row][vc_row el_class=&#8221;ganze-breite&#8221; el_id=&#8221;winter&#8221;][vc_column][vc_column_text] Winter at the Prenner Alm [\/vc_column_text][vc_column_text] [\/vc_column_text][\/vc_column][\/vc_row][vc_row el_class=&#8221;ganze-breite&#8221; el_id=&#8221;innenaufnahmen&#8221;][vc_column][vc_column_text] Prenner Alm insights [\/vc_column_text][vc_column_text] [\/vc_column_text][\/vc_column][\/vc_row][vc_row][vc_column width=&#8221;1\/3&#8243;][vc_column_text]Alpine Chalet \u201e\u00c5lmerin\u201c[\/vc_column_text][\/vc_column][vc_column width=&#8221;1\/3&#8243;][vc_column_text]Alpine Chalet \u201eStoamandl\u201c[\/vc_column_text][\/vc_column][vc_column width=&#8221;1\/3&#8243;][vc_column_text]Booking enquiries[\/vc_column_text][\/vc_column][\/vc_row]<\/p>\n\n<p><a class=\"readmore btn btn-default btn-default btn-block\" href=\"https:\/\/www.prenner-alm.at\/en\/images\/\">Read More<\/a><\/p>","protected":false},"author":1,"featured_media":1887,"parent":0,"menu_order":6,"comment_status":"closed","ping_status":"closed","template":"","meta":{"_acf_changed":false,"inline_featured_image":false,"footnotes":""},"class_list":["post-1237","page","type-page","status-publish","has-post-thumbnail","hentry"],"acf":[],"yoast_head":"<!-- This site is optimized with the Yoast SEO plugin v27.5 - https:\/\/yoast.com\/product\/yoast-seo-wordpress\/ -->\n<title>Images - Prenner Alm<\/title>\n<meta name=\"robots\" content=\"index, follow, max-snippet:-1, max-image-preview:large, max-video-preview:-1\" \/>\n<link rel=\"canonical\" href=\"https:\/\/www.prenner-alm.at\/en\/images\/\" \/>\n<meta property=\"og:locale\" content=\"en_US\" \/>\n<meta property=\"og:type\" content=\"article\" \/>\n<meta property=\"og:title\" content=\"Images - Prenner Alm\" \/>\n<meta property=\"og:description\" content=\"[vc_row][vc_column][vc_column_text] Images &amp; impressions [\/vc_column_text][\/vc_column][\/vc_row][vc_row][vc_column width=&#8221;1\/3&#8243;][vc_column_text]Summer[\/vc_column_text][\/vc_column][vc_column width=&#8221;1\/3&#8243;][vc_column_text]Winter[\/vc_column_text][\/vc_column][vc_column width=&#8221;1\/3&#8243;][vc_column_text]Insights[\/vc_column_text][\/vc_column][\/vc_row][vc_row el_class=&#8221;ganze-breite&#8221; el_id=&#8221;sommer&#8221;][vc_column][vc_column_text] Summer at the Prenner Alm [\/vc_column_text][vc_column_text] [\/vc_column_text][\/vc_column][\/vc_row][vc_row el_class=&#8221;ganze-breite&#8221; el_id=&#8221;winter&#8221;][vc_column][vc_column_text] Winter at the Prenner Alm [\/vc_column_text][vc_column_text] [\/vc_column_text][\/vc_column][\/vc_row][vc_row el_class=&#8221;ganze-breite&#8221; el_id=&#8221;innenaufnahmen&#8221;][vc_column][vc_column_text] Prenner Alm insights [\/vc_column_text][vc_column_text] [\/vc_column_text][\/vc_column][\/vc_row][vc_row][vc_column width=&#8221;1\/3&#8243;][vc_column_text]Alpine Chalet \u201e\u00c5lmerin\u201c[\/vc_column_text][\/vc_column][vc_column width=&#8221;1\/3&#8243;][vc_column_text]Alpine Chalet \u201eStoamandl\u201c[\/vc_column_text][\/vc_column][vc_column width=&#8221;1\/3&#8243;][vc_column_text]Booking enquiries[\/vc_column_text][\/vc_column][\/vc_row]\" \/>\n<meta property=\"og:url\" content=\"https:\/\/www.prenner-alm.at\/en\/images\/\" \/>\n<meta property=\"og:site_name\" content=\"Prenner Alm\" \/>\n<meta property=\"article:modified_time\" content=\"2022-12-13T14:46:28+00:00\" \/>\n<meta property=\"og:image\" content=\"https:\/\/www.prenner-alm.at\/wp-content\/uploads\/Almhuetten-Prenner-Alm-Almerin-Piste-Aussenansicht-1024x684.jpg\" \/>\n\t<meta property=\"og:image:width\" content=\"1024\" \/>\n\t<meta property=\"og:image:height\" content=\"684\" \/>\n\t<meta property=\"og:image:type\" content=\"image\/jpeg\" \/>\n<meta name=\"twitter:label1\" content=\"Est. reading time\" \/>\n\t<meta name=\"twitter:data1\" content=\"1 minute\" \/>\n<script type=\"application\/ld+json\" class=\"yoast-schema-graph\">{\"@context\":\"https:\\\/\\\/schema.org\",\"@graph\":[{\"@type\":\"WebPage\",\"@id\":\"https:\\\/\\\/www.prenner-alm.at\\\/en\\\/images\\\/\",\"url\":\"https:\\\/\\\/www.prenner-alm.at\\\/en\\\/images\\\/\",\"name\":\"Images - Prenner Alm\",\"isPartOf\":{\"@id\":\"https:\\\/\\\/www.prenner-alm.at\\\/#website\"},\"primaryImageOfPage\":{\"@id\":\"https:\\\/\\\/www.prenner-alm.at\\\/en\\\/images\\\/#primaryimage\"},\"image\":{\"@id\":\"https:\\\/\\\/www.prenner-alm.at\\\/en\\\/images\\\/#primaryimage\"},\"thumbnailUrl\":\"https:\\\/\\\/www.prenner-alm.at\\\/wp-content\\\/uploads\\\/Almhuetten-Prenner-Alm-Almerin-Piste-Aussenansicht.jpg\",\"datePublished\":\"2017-05-31T14:17:34+00:00\",\"dateModified\":\"2022-12-13T14:46:28+00:00\",\"breadcrumb\":{\"@id\":\"https:\\\/\\\/www.prenner-alm.at\\\/en\\\/images\\\/#breadcrumb\"},\"inLanguage\":\"en-US\",\"potentialAction\":[{\"@type\":\"ReadAction\",\"target\":[\"https:\\\/\\\/www.prenner-alm.at\\\/en\\\/images\\\/\"]}]},{\"@type\":\"ImageObject\",\"inLanguage\":\"en-US\",\"@id\":\"https:\\\/\\\/www.prenner-alm.at\\\/en\\\/images\\\/#primaryimage\",\"url\":\"https:\\\/\\\/www.prenner-alm.at\\\/wp-content\\\/uploads\\\/Almhuetten-Prenner-Alm-Almerin-Piste-Aussenansicht.jpg\",\"contentUrl\":\"https:\\\/\\\/www.prenner-alm.at\\\/wp-content\\\/uploads\\\/Almhuetten-Prenner-Alm-Almerin-Piste-Aussenansicht.jpg\",\"width\":\"5557\",\"height\":\"3710\",\"caption\":\"Almhuetten-Prenner Alm-Piste-Aussenansicht\"},{\"@type\":\"BreadcrumbList\",\"@id\":\"https:\\\/\\\/www.prenner-alm.at\\\/en\\\/images\\\/#breadcrumb\",\"itemListElement\":[{\"@type\":\"ListItem\",\"position\":1,\"name\":\"Home\",\"item\":\"https:\\\/\\\/www.prenner-alm.at\\\/en\\\/\"},{\"@type\":\"ListItem\",\"position\":2,\"name\":\"Images\"}]},{\"@type\":\"WebSite\",\"@id\":\"https:\\\/\\\/www.prenner-alm.at\\\/#website\",\"url\":\"https:\\\/\\\/www.prenner-alm.at\\\/\",\"name\":\"Prenner Alm\",\"description\":\"Chalets in Schladming, Hauser Kaibling\",\"potentialAction\":[{\"@type\":\"SearchAction\",\"target\":{\"@type\":\"EntryPoint\",\"urlTemplate\":\"https:\\\/\\\/www.prenner-alm.at\\\/?s={search_term_string}\"},\"query-input\":{\"@type\":\"PropertyValueSpecification\",\"valueRequired\":true,\"valueName\":\"search_term_string\"}}],\"inLanguage\":\"en-US\"}]}<\/script>\n<!-- \/ Yoast SEO plugin. -->","yoast_head_json":{"title":"Images - Prenner Alm","robots":{"index":"index","follow":"follow","max-snippet":"max-snippet:-1","max-image-preview":"max-image-preview:large","max-video-preview":"max-video-preview:-1"},"canonical":"https:\/\/www.prenner-alm.at\/en\/images\/","og_locale":"en_US","og_type":"article","og_title":"Images - Prenner Alm","og_description":"[vc_row][vc_column][vc_column_text] Images &amp; impressions [\/vc_column_text][\/vc_column][\/vc_row][vc_row][vc_column width=&#8221;1\/3&#8243;][vc_column_text]Summer[\/vc_column_text][\/vc_column][vc_column width=&#8221;1\/3&#8243;][vc_column_text]Winter[\/vc_column_text][\/vc_column][vc_column width=&#8221;1\/3&#8243;][vc_column_text]Insights[\/vc_column_text][\/vc_column][\/vc_row][vc_row el_class=&#8221;ganze-breite&#8221; el_id=&#8221;sommer&#8221;][vc_column][vc_column_text] Summer at the Prenner Alm [\/vc_column_text][vc_column_text] [\/vc_column_text][\/vc_column][\/vc_row][vc_row el_class=&#8221;ganze-breite&#8221; el_id=&#8221;winter&#8221;][vc_column][vc_column_text] Winter at the Prenner Alm [\/vc_column_text][vc_column_text] [\/vc_column_text][\/vc_column][\/vc_row][vc_row el_class=&#8221;ganze-breite&#8221; el_id=&#8221;innenaufnahmen&#8221;][vc_column][vc_column_text] Prenner Alm insights [\/vc_column_text][vc_column_text] [\/vc_column_text][\/vc_column][\/vc_row][vc_row][vc_column width=&#8221;1\/3&#8243;][vc_column_text]Alpine Chalet \u201e\u00c5lmerin\u201c[\/vc_column_text][\/vc_column][vc_column width=&#8221;1\/3&#8243;][vc_column_text]Alpine Chalet \u201eStoamandl\u201c[\/vc_column_text][\/vc_column][vc_column width=&#8221;1\/3&#8243;][vc_column_text]Booking enquiries[\/vc_column_text][\/vc_column][\/vc_row]","og_url":"https:\/\/www.prenner-alm.at\/en\/images\/","og_site_name":"Prenner Alm","article_modified_time":"2022-12-13T14:46:28+00:00","og_image":[{"width":1024,"height":684,"url":"https:\/\/www.prenner-alm.at\/wp-content\/uploads\/Almhuetten-Prenner-Alm-Almerin-Piste-Aussenansicht-1024x684.jpg","type":"image\/jpeg"}],"twitter_misc":{"Est. reading time":"1 minute"},"schema":{"@context":"https:\/\/schema.org","@graph":[{"@type":"WebPage","@id":"https:\/\/www.prenner-alm.at\/en\/images\/","url":"https:\/\/www.prenner-alm.at\/en\/images\/","name":"Images - Prenner Alm","isPartOf":{"@id":"https:\/\/www.prenner-alm.at\/#website"},"primaryImageOfPage":{"@id":"https:\/\/www.prenner-alm.at\/en\/images\/#primaryimage"},"image":{"@id":"https:\/\/www.prenner-alm.at\/en\/images\/#primaryimage"},"thumbnailUrl":"https:\/\/www.prenner-alm.at\/wp-content\/uploads\/Almhuetten-Prenner-Alm-Almerin-Piste-Aussenansicht.jpg","datePublished":"2017-05-31T14:17:34+00:00","dateModified":"2022-12-13T14:46:28+00:00","breadcrumb":{"@id":"https:\/\/www.prenner-alm.at\/en\/images\/#breadcrumb"},"inLanguage":"en-US","potentialAction":[{"@type":"ReadAction","target":["https:\/\/www.prenner-alm.at\/en\/images\/"]}]},{"@type":"ImageObject","inLanguage":"en-US","@id":"https:\/\/www.prenner-alm.at\/en\/images\/#primaryimage","url":"https:\/\/www.prenner-alm.at\/wp-content\/uploads\/Almhuetten-Prenner-Alm-Almerin-Piste-Aussenansicht.jpg","contentUrl":"https:\/\/www.prenner-alm.at\/wp-content\/uploads\/Almhuetten-Prenner-Alm-Almerin-Piste-Aussenansicht.jpg","width":"5557","height":"3710","caption":"Almhuetten-Prenner Alm-Piste-Aussenansicht"},{"@type":"BreadcrumbList","@id":"https:\/\/www.prenner-alm.at\/en\/images\/#breadcrumb","itemListElement":[{"@type":"ListItem","position":1,"name":"Home","item":"https:\/\/www.prenner-alm.at\/en\/"},{"@type":"ListItem","position":2,"name":"Images"}]},{"@type":"WebSite","@id":"https:\/\/www.prenner-alm.at\/#website","url":"https:\/\/www.prenner-alm.at\/","name":"Prenner Alm","description":"Chalets in Schladming, Hauser Kaibling","potentialAction":[{"@type":"SearchAction","target":{"@type":"EntryPoint","urlTemplate":"https:\/\/www.prenner-alm.at\/?s={search_term_string}"},"query-input":{"@type":"PropertyValueSpecification","valueRequired":true,"valueName":"search_term_string"}}],"inLanguage":"en-US"}]}},"_links":{"self":[{"href":"https:\/\/www.prenner-alm.at\/en\/wp-json\/wp\/v2\/pages\/1237","targetHints":{"allow":["GET"]}}],"collection":[{"href":"https:\/\/www.prenner-alm.at\/en\/wp-json\/wp\/v2\/pages"}],"about":[{"href":"https:\/\/www.prenner-alm.at\/en\/wp-json\/wp\/v2\/types\/page"}],"author":[{"embeddable":true,"href":"https:\/\/www.prenner-alm.at\/en\/wp-json\/wp\/v2\/users\/1"}],"replies":[{"embeddable":true,"href":"https:\/\/www.prenner-alm.at\/en\/wp-json\/wp\/v2\/comments?post=1237"}],"version-history":[{"count":11,"href":"https:\/\/www.prenner-alm.at\/en\/wp-json\/wp\/v2\/pages\/1237\/revisions"}],"predecessor-version":[{"id":2322,"href":"https:\/\/www.prenner-alm.at\/en\/wp-json\/wp\/v2\/pages\/1237\/revisions\/2322"}],"wp:featuredmedia":[{"embeddable":true,"href":"https:\/\/www.prenner-alm.at\/en\/wp-json\/wp\/v2\/media\/1887"}],"wp:attachment":[{"href":"https:\/\/www.prenner-alm.at\/en\/wp-json\/wp\/v2\/media?parent=1237"}],"curies":[{"name":"wp","href":"https:\/\/api.w.org\/{rel}","templated":true}]}}